{"id":768,"date":"2018-05-26T09:19:40","date_gmt":"2018-05-26T09:19:40","guid":{"rendered":"http:\/\/sonido13.com\/?page_id=768"},"modified":"2020-05-10T15:45:35","modified_gmt":"2020-05-10T15:45:35","slug":"centenario-del-sonido-13","status":"publish","type":"page","link":"https:\/\/sonido13.com\/index.php\/centenario-del-sonido-13\/","title":{"rendered":"CENTENARIO DEL SONIDO 13"},"content":{"rendered":"<p>Para la celebraci\u00f3n del centenario del Sonido 13 lo \u00fanico que hab\u00eda yo preparado fue un informe al p\u00fablico llamado \u00ab\u00a0\u00bfQu\u00e9 ha pasado con el Sonido 13 en 100 a\u00f1os?\u00a0\u00bb, ya que no ten\u00eda planeada presentaci\u00f3n p\u00fablica alguna. Sin embargo, mucho me llamaba la atenci\u00f3n ver en las calles de la ciudad de M\u00e9xico carteles que anunciaban la celebraci\u00f3n del centenario del Sonido 13 en el Convento del Carmen, San \u00c1ngel, y mucha era mi inquietud, pues no sab\u00eda qui\u00e9n iba a tocar, o dar conferencias, o que s\u00e9 yo, pero en fin, anunciado estaba y yo no sab\u00eda de qu\u00e9 se trataba.<br \/>\nEn aquel entonces, hablo del a\u00f1o 1995, viv\u00eda en M\u00e9xico un investigador musical boliviano llamado C\u00e9sar Sanjin\u00e9s Franck, Presidente de la Sociedad Musical Tunkul, quien era precisamente el organizador de la celebraci\u00f3n en cuesti\u00f3n, ya que al hacerme saber de ello me indic\u00f3 que quien iba a dar una serie de pl\u00e1ticas y dos recitales era nada menos que yo. Desde luego, de inmediato empezamos a hacer los preparativos para la celebraci\u00f3n, y la programaci\u00f3n era la siguiente: durante cinco domingos consecutivos iba a haber un programa por domingo, estando a mi cargo la primera mitad del programa, ya que la segunda mitad correspond\u00eda a la presentaci\u00f3n de m\u00fasicos de corte tradicional, que no ten\u00edan nada que ver con el Sonido 13.<br \/>\nMi participaci\u00f3n era, dar una pl\u00e1tica cada domingo durante los tres primeros, y los dos \u00faltimos domingos la presentaci\u00f3n del Arpa Microinterv\u00e1lica de 909 sonidos, y como desde el primer domingo hice del conocimiento de la existencia del instrumento la expectaci\u00f3n crec\u00eda y cada domingo asist\u00eda mayor n\u00famero de personas al Convento del Carmen.<br \/>\nY es aqu\u00ed, donde la envidia de los organizadores se puso de manifiesto, pues el domingo que ten\u00eda que mostrarse el arpa no pasaron a recoger el instrumento al lugar donde se encontraba. A\u00fan as\u00ed, mi compa\u00f1era en aquel tiempo, la maestra Rosa Calder\u00f3n Zavala y yo acudimos a dar al p\u00fablico, que ya para ese momento ocupaba la totalidad del auditorio, una explicaci\u00f3n de por qu\u00e9 no estaba el arpa en el escenario, ya que simple y sencillamente no hab\u00edan querido recoger el instrumento los organizadores del evento.<br \/>\nFue tal la incomodidad del p\u00fablico que algunas personas llegaron a poner en duda la existencia del Arpa Microinterv\u00e1lica, pregunt\u00e1ndonos que entonces en d\u00f3nde se encontraba el instrumento. Respond\u00ed al p\u00fablico que el instrumento se encontraba en mi casa, en la colonia Bosques de Echegaray, y pregunt\u00e1ndome abiertamente si era posible ir a escuchar el instrumento hasta mi domicilio les contest\u00e9 que s\u00ed, pero que hab\u00eda que cruzar la ciudad de M\u00e9xico en su totalidad.<br \/>\nDe manera inmediata, la gran mayor\u00eda de los asistentes se levant\u00f3 de sus lugares, dejando el auditorio casi vac\u00edo, y el organizador, se\u00f1or Sanjin\u00e9s, de manera muy en\u00e9rgica me reclam\u00f3 que no pod\u00eda dejar as\u00ed el auditorio, ya que los otros m\u00fasicos a\u00fan no tocaban. Recibiendo como respuesta: \u00ab\u00a0es que nosotros no venimos a o\u00edr a los otros m\u00fasicos, nosotros venimos a o\u00edr el arpa del Sonido 13\u00a0\u00bb, y fue as\u00ed, que el recital que estaba programado para el Convento del Carmen, en San \u00c1ngel, se dio en mi domicilio particular, en Bosques de Echegaray.<\/p>\n<p>Armando Nava Loya (Septiembre 2008)<\/p>\n","protected":false},"excerpt":{"rendered":"<p>Para la celebraci\u00f3n del centenario del Sonido 13 lo \u00fanico que hab\u00eda yo preparado fue un informe al p\u00fablico llamado \u00ab\u00a0\u00bfQu\u00e9 ha pasado con el Sonido 13 en 100 a\u00f1os?\u00a0\u00bb, ya que no ten\u00eda planeada presentaci\u00f3n p\u00fablica alguna. Sin embargo, mucho me llamaba la atenci\u00f3n ver en las calles de la ciudad de M\u00e9xico carteles [&hellip;]<\/p>\n","protected":false},"author":1,"featured_media":0,"parent":0,"menu_order":71,"comment_status":"closed","ping_status":"closed","template":"","meta":{"ocean_post_layout":"","ocean_both_sidebars_style":"","ocean_both_sidebars_content_width":0,"ocean_both_sidebars_sidebars_width":0,"ocean_sidebar":"","ocean_second_sidebar":"","ocean_disable_margins":"enable","ocean_add_body_class":"","ocean_shortcode_before_top_bar":"","ocean_shortcode_after_top_bar":"","ocean_shortcode_before_header":"","ocean_shortcode_after_header":"","ocean_has_shortcode":"","ocean_shortcode_after_title":"","ocean_shortcode_before_footer_widgets":"","ocean_shortcode_after_footer_widgets":"","ocean_shortcode_before_footer_bottom":"","ocean_shortcode_after_footer_bottom":"","ocean_display_top_bar":"default","ocean_display_header":"default","ocean_header_style":"","ocean_center_header_left_menu":"","ocean_custom_header_template":"","ocean_custom_logo":0,"ocean_custom_retina_logo":0,"ocean_custom_logo_max_width":0,"ocean_custom_logo_tablet_max_width":0,"ocean_custom_logo_mobile_max_width":0,"ocean_custom_logo_max_height":0,"ocean_custom_logo_tablet_max_height":0,"ocean_custom_logo_mobile_max_height":0,"ocean_header_custom_menu":"","ocean_menu_typo_font_family":"","ocean_menu_typo_font_subset":"","ocean_menu_typo_font_size":0,"ocean_menu_typo_font_size_tablet":0,"ocean_menu_typo_font_size_mobile":0,"ocean_menu_typo_font_size_unit":"px","ocean_menu_typo_font_weight":"","ocean_menu_typo_font_weight_tablet":"","ocean_menu_typo_font_weight_mobile":"","ocean_menu_typo_transform":"","ocean_menu_typo_transform_tablet":"","ocean_menu_typo_transform_mobile":"","ocean_menu_typo_line_height":0,"ocean_menu_typo_line_height_tablet":0,"ocean_menu_typo_line_height_mobile":0,"ocean_menu_typo_line_height_unit":"","ocean_menu_typo_spacing":0,"ocean_menu_typo_spacing_tablet":0,"ocean_menu_typo_spacing_mobile":0,"ocean_menu_typo_spacing_unit":"","ocean_menu_link_color":"","ocean_menu_link_color_hover":"","ocean_menu_link_color_active":"","ocean_menu_link_background":"","ocean_menu_link_hover_background":"","ocean_menu_link_active_background":"","ocean_menu_social_links_bg":"","ocean_menu_social_hover_links_bg":"","ocean_menu_social_links_color":"","ocean_menu_social_hover_links_color":"","ocean_disable_title":"default","ocean_disable_heading":"default","ocean_post_title":"","ocean_post_subheading":"","ocean_post_title_style":"","ocean_post_title_background_color":"","ocean_post_title_background":0,"ocean_post_title_bg_image_position":"","ocean_post_title_bg_image_attachment":"","ocean_post_title_bg_image_repeat":"","ocean_post_title_bg_image_size":"","ocean_post_title_height":0,"ocean_post_title_bg_overlay":0.5,"ocean_post_title_bg_overlay_color":"","ocean_disable_breadcrumbs":"default","ocean_breadcrumbs_color":"","ocean_breadcrumbs_separator_color":"","ocean_breadcrumbs_links_color":"","ocean_breadcrumbs_links_hover_color":"","ocean_display_footer_widgets":"default","ocean_display_footer_bottom":"default","ocean_custom_footer_template":"","footnotes":""},"wf_page_folders":[5],"class_list":["post-768","page","type-page","status-publish","hentry","entry"],"_links":{"self":[{"href":"https:\/\/sonido13.com\/index.php\/wp-json\/wp\/v2\/pages\/768","targetHints":{"allow":["GET"]}}],"collection":[{"href":"https:\/\/sonido13.com\/index.php\/wp-json\/wp\/v2\/pages"}],"about":[{"href":"https:\/\/sonido13.com\/index.php\/wp-json\/wp\/v2\/types\/page"}],"author":[{"embeddable":true,"href":"https:\/\/sonido13.com\/index.php\/wp-json\/wp\/v2\/users\/1"}],"replies":[{"embeddable":true,"href":"https:\/\/sonido13.com\/index.php\/wp-json\/wp\/v2\/comments?post=768"}],"version-history":[{"count":1,"href":"https:\/\/sonido13.com\/index.php\/wp-json\/wp\/v2\/pages\/768\/revisions"}],"predecessor-version":[{"id":769,"href":"https:\/\/sonido13.com\/index.php\/wp-json\/wp\/v2\/pages\/768\/revisions\/769"}],"wp:attachment":[{"href":"https:\/\/sonido13.com\/index.php\/wp-json\/wp\/v2\/media?parent=768"}],"wp:term":[{"taxonomy":"wf_page_folders","embeddable":true,"href":"https:\/\/sonido13.com\/index.php\/wp-json\/wp\/v2\/wf_page_folders?post=768"}],"curies":[{"name":"wp","href":"https:\/\/api.w.org\/{rel}","templated":true}]}}