{"id":243,"date":"2018-05-22T13:23:50","date_gmt":"2018-05-22T13:23:50","guid":{"rendered":"http:\/\/sonido13.com\/?page_id=243"},"modified":"2020-05-10T18:58:56","modified_gmt":"2020-05-10T18:58:56","slug":"replica-a-papini","status":"publish","type":"page","link":"https:\/\/sonido13.com\/index.php\/replica-a-papini\/","title":{"rendered":"R\u00c9PLICA A PAPINI"},"content":{"rendered":"<p class=\"Normal P-6\"><span class=\"C-8\">A EUROPA<\/span><\/p>\n<p class=\"Normal P-8\"><span class=\"C-8\">\u00a1A t\u00ed, madre intelectual de Latino Am\u00e9rica, te saludamos con todo respeto, la admiraci\u00f3n y el cari\u00f1o que mereces!<\/span><\/p>\n<p class=\"Normal P-8\"><span class=\"C-8\">\u00a1Jam\u00e1s hubi\u00e9ramos cre\u00eddo que llegara a brotar de nuestra pluma una sola palabra que no fuera en honor tuyo; pero el escritor italiano Giovanni Papini, al formular un severo e injusto juicio en contra de Latino Am\u00e9rica, cometi\u00f3 la torpeza de pretender establecer un parang\u00f3n entre tu cultura y la nuestra \u2013la de Latino Am\u00e9rica-<wbr \/>\u00a0dici\u00e9ndonos que cuanto hemos producido resulta mediano al compararlo con los frutos de tus ingenios!<\/span><\/p>\n<p class=\"Normal P-8\"><span class=\"C-8\">Tal actitud de Papini, nos oblig\u00f3 a estudiar con todo detenimiento nuestra situaci\u00f3n en el campo musical, supuesto que nuestro \u201cGrupo 13 Metropolitano\u201d, fue organizado especialmente para propagar en el pa\u00eds y en el extranjero las nuevas teor\u00edas y procedimientos musicales del Maestro Juli\u00e1n Carrillo, nacido en Latino Am\u00e9rica \u2013en M\u00e9xico-<wbr \/>\u00a0y el resultado de ese cuidadoso estudio fue enteramente favorable para la Am\u00e9rica Latina, y arroj\u00f3, en cambio, un fuerte d\u00e9ficit espiritual en contra de Europa.<\/span><\/p>\n<p class=\"Normal P-8\"><span class=\"C-8\">El estudio t\u00e9cnico e hist\u00f3rico que tuvimos que hacer, va en la p\u00e1ginas siguientes; pero debemos decirte, Europa, madre espiritual de Am\u00e9rica, que no obstante ese d\u00e9ficit en contra tuya y a favor nuestro en materia musical, \u00a1no se aminora en absoluto la admiraci\u00f3n, el respeto y el cari\u00f1o que te hemos tenido!<\/span><\/p>\n<p class=\"Normal P-8\"><span class=\"C-8\">Si en alg\u00fan momento al leer nuestro escrito te sientes molesta, culpa es de Papini y no de nosotros.<\/span><\/p>\n<p class=\"Normal P-8\"><span class=\"C-8\">\u201cGrupo 13 Metropolitano de la ciudad de M\u00e9xico\u201d, D.F. M\u00e9xico.<\/span><\/p>\n<p class=\"Normal P-8\"><span class=\"C-8\">GIOVANNI PAPINI<\/span><\/p>\n<p class=\"Normal P-8\"><span class=\"C-8\">En la \u201cRevista Am\u00e9rica\u201d que se publica en la ciudad de Bogot\u00e1, Colombia, aparecieron unas declaraciones del escritor italiano Giovanni Papini, en las cuales afirma que nada de m\u00e9rito ha producido Am\u00e9rica Latina, y que lo mejor de ella es s\u00f3lo median\u00eda en Europa.<\/span><\/p>\n<p class=\"Normal P-8\"><span class=\"C-8\">Entre otras, dice estas palabras: \u201cQUE AM\u00c9RICA LATINA NO HA PRODUCIDO NINGUNA CREACI\u00d3N DEL PENSAMIENTO O DEL ARTE, QUE VAYA A ENRIQUECER POR LEG\u00cdTIMO DERECHO EL PATRIMONIO INTELECTUAL DEL G\u00c9NERO HUMANO\u201d.<\/span><\/p>\n<p class=\"Normal P-8\"><span class=\"C-8\">El juicio de Papini, citado textualmente, ha sido ampliamente comentado en los diversos sectores de cultura de toda Am\u00e9rica Latina; y el \u201cGrupo 13 Metropolitano\u201d de la ciudad de M\u00e9xico, D.F., M\u00e9xico, que est\u00e1 en la posibilidad de salir en la defensa de la cultura latino continental ilustrando a Papini sin apasionamiento, pero s\u00ed con la firmeza que da la verdad hist\u00f3rica, ha dejado pasar el tiempo para que se manifiesten en toda su extensi\u00f3n los comentarios que merece lo aseverado por Papini antes de hacer o\u00edr su voz, para decirle que: \u00a1AM\u00c9RICA LATINA S\u00cd HA PRODUCIDO UN FEN\u00d3MENO EN EL CAMPO DEL ESP\u00cdRITU QUE SUPERA A CUANTO CONOC\u00cdA LA HUMANIDAD ANTES DE ESA CONQUISTA! Que ese fen\u00f3meno se logr\u00f3 en el campo de la m\u00fasica con el \u201cSonido 13\u201d denominado as\u00ed por su autor; fen\u00f3meno que ha recibido ya la sanci\u00f3n hist\u00f3rica y t\u00e9cnica de todo el mundo civilizado, y que como M\u00e9xico, donde tal hecho ocurri\u00f3, es parte de Am\u00e9rica Latina, el \u201cGrupo 13 Metropolitano\u201d se honra en declarar ante el mundo entero que Latino Am\u00e9rica \u201cSI HA PRODUCIDO EN EL PENSAMIENTO Y EN EL ARTE UN FEN\u00d3MENO QUE HA ENRIQUECIDO YA POR LEG\u00cdTIMO DERECHO EL PATRIMONIO INTELECTUAL DEL G\u00c9NERO HUMANO\u201d, lo que Papini ignora; y que ese fen\u00f3meno se ha realizado en las regiones m\u00e1s altas de la cultura: en la M\u00fasica.<\/span><\/p>\n<p class=\"Normal P-8\"><span class=\"C-8\">El mundo enter\u00f3 habl\u00f3 ya acerca del sorprendente hecho, emitiendo juicios de tal naturaleza, que est\u00e1n y estar\u00e1n en pi\u00e9 ante cualquiera objeci\u00f3n que pudiera levantarse en contra de tan extraordinaria conquista espiritual, \u201cEl Sonido 13\u201d, que abarca a la vez las regiones del pensamiento y las del arte, con lo cual se da un merecido ment\u00eds a Papini.<\/span><\/p>\n<p class=\"Normal P-8\"><span class=\"C-8\">Haremos historia: Fue en el a\u00f1o de 1895 cuando el mexicano Juli\u00e1n Carrillo, alumno del Conservatorio Nacional de M\u00fasica en esta ciudad de M\u00e9xico, logr\u00f3 dividir el tono musical en 16 partes o intervalos.<\/span><\/p>\n<p class=\"Normal P-8\"><span class=\"C-8\">Transcurrieron los a\u00f1os, sin que el autor de aquella conquista, concediera importancia alguna a lo que hab\u00eda realizado; y no fue sino hasta despu\u00e9s de un cuarto de siglo, al leer en la prensa musical europea, que urg\u00eda conquistar nuevos sonidos, cuando el m\u00fasico mexicano se dio cuenta de la trascendencia incalculable de su hallazgo.<\/span><\/p>\n<p class=\"Normal P-8\"><span class=\"C-8\">En un libro de \u201cPl\u00e1ticas Musicales\u201d escrito por Juli\u00e1n Carrillo en el a\u00f1o de 1912 y publicado en 1923, incluy\u00f3 un cap\u00edtulo titulado \u201cEl Sonido n\u00famero 13\u201d, en el cual narraba el extraordinario hecho; pero como no falt\u00f3 quien pusiera en duda que aquella maravilla en la que jam\u00e1s hab\u00eda so\u00f1ado el mundo fuera positivamente de Juli\u00e1n Carrillo, entonces el m\u00fasico mexicano acudi\u00f3 a la Secretar\u00eda de Relaciones Exteriores del Gobierno de nuestro pa\u00eds, solicitando que se abriera una encuesta universal por conductos diplom\u00e1ticos, para que los centros musicales m\u00e1s respetables del orbe, opinaran a base hist\u00f3rica y t\u00e9cnica, si lo que Carrillo anunciaba \u2013la conquista de los dieciseisavos de tono-<wbr \/>\u00a0eran algo nuevo o no.<\/span><\/p>\n<p class=\"Normal P-8\"><span class=\"C-8\">Con tal motivo se recibieron en la Secretar\u00eda de Relaciones Exteriores del Gobierno de M\u00e9xico, juicios oficiales contundentes, enviados por los pa\u00edses m\u00e1s avanzados del mundo en materia musical, empezando por la gran Alemania de 1925, la que dijo oficialmente: \u201cQUE UNA DIVISI\u00d3N DEL TONO EN 16 PARTES, FUNDAMENTO DE LA NUEVA TEOR\u00cdA MUSICAL DE JULI\u00c1N CARRILLO, NO SE HAB\u00cdA HECHO ANTES DE \u00c9L NI SIMULT\u00c1NEAMENTE\u201d.<\/span><\/p>\n<p class=\"Normal P-8\"><span class=\"C-8\">Este juicio de Alemania era todo en honor de M\u00e9xico y de Latino Am\u00e9rica; pues en \u00e9l se afirmaba ante el mundo, \u201cque nadie antes que Juli\u00e1n Carrillo ni simult\u00e1neamente con \u00e9l hab\u00eda logrado la conquista de los dieciseisavos de tono\u201d, intervalos que servir\u00e1n de elementos b\u00e1sicos para la m\u00fasica de muchos siglos por venir.<\/span><\/p>\n<p class=\"Normal P-8\"><span class=\"C-8\">Con tal declaraci\u00f3n, Alemania coloc\u00f3 a M\u00e9xico (y con \u00e9l a Latino Am\u00e9rica), en el mismo rango que Grecia y Roma, \u00fanicos pa\u00edses conquistadores de sonidos que ha habido en el mundo.<\/span><\/p>\n<p class=\"Normal P-8\"><span class=\"C-8\">Es falso por lo mismo lo que Papini afirma; esto es: \u201cQue Am\u00e9rica Latina no ha producido ninguna creaci\u00f3n del pensamiento o del arte, que vaya a enriquecer por leg\u00edtimo derecho, el patrimonio intelectual del g\u00e9nero humano\u201d.<\/span><\/p>\n<p class=\"Normal P-8\"><span class=\"C-8\">No se\u00f1or Papini, est\u00e1 usted equivocado; pues lo que M\u00e9xico ha logrado y con M\u00e9xico Latino Am\u00e9rica, supera a cuanto antes existi\u00f3 en el campo de la m\u00fasica, hasta la aparici\u00f3n del Sonido 13, y tal hecho es un patrimonio intelectual y espiritual que Latino Am\u00e9rica legar\u00e1 al g\u00e9nero humano.<\/span><\/p>\n<p class=\"Normal P-8\"><span class=\"C-8\">Citamos ya las palabras de Alemania, el pa\u00eds maravillosamente musical que ha sido a trav\u00e9s de los \u00faltimos siglos maestra en el mundo de esta materia, y de ellas se desprende que corresponde a Am\u00e9rica Latina el privilegio de haber conquistado los dieciseisavos de tono sobre los cuales y sus ramificaciones, se est\u00e1 elaborando la m\u00fasica futura.<\/span><\/p>\n<p class=\"Normal P-8\"><span class=\"C-8\">Tenemos pues derecho de protestar por la afirmaci\u00f3n de Papini de que, lo mejor de Am\u00e9rica Latina es s\u00f3lo median\u00eda en Europa.<\/span><\/p>\n<p class=\"Normal P-8\"><span class=\"C-8\">Reconocemos, se\u00f1or Papini, que lo que nos falta en Latino Am\u00e9rica, es cierta altivez o petulancia, tan caracter\u00edstica de algunos europeos, que dormidos en laureles a veces marchitos ya, llegan a suponer, candorosamente, que ellos o sus pa\u00edses, son poseedores \u00fanicos de la alta cultura espiritual en el mundo, error que los lleva a situaciones falsas, y a veces hasta rid\u00edculas.<\/span><\/p>\n<p class=\"Normal P-8\"><span class=\"C-8\">Continuaremos el an\u00e1lisis hist\u00f3rico del fen\u00f3meno del Sonido 13, dando a conocer los juicios emitidos por otras eminencias europeas especialistas en materia musical adem\u00e1s de Alemania, y que son tambi\u00e9n a favor de M\u00e9xico, o sea, de Latino Am\u00e9rica.<\/span><\/p>\n<p class=\"Normal P-8\"><span class=\"C-8\">Despu\u00e9s del juicio respetabil\u00edsimo de la patria de Bach, Beethoven y Wagner, se recibi\u00f3 en M\u00e9xico el que enviara Francia, en relaci\u00f3n con los dieciseisavos de tono, firmado por el c\u00e9lebre Vicent D\u2019Indy, quien dijo: \u201cQUE HASTA AQUELLA FECHA, &#8211;<wbr \/>julio de 1925-<wbr \/>\u00a0NUNCA EN FRANCIA SE HAB\u00cdA O\u00cdDO HABLAR DE COSA SEMEJANTE\u201d.<\/span><\/p>\n<p class=\"Normal P-8\"><span class=\"C-8\">Francia, se\u00f1or Papini, la maravillosa Francia, declar\u00f3 por boca de la personalidad eminent\u00edsima de D\u2019Indy, que jam\u00e1s hab\u00eda o\u00eddo hablar de cosa semejante; con lo cual ninguna duda quedaba ya, de que M\u00e9xico, y con M\u00e9xico, Latino Am\u00e9rica, hab\u00eda logrado producir \u201cuna creaci\u00f3n del pensamiento y del arte para enriquecer por leg\u00edtimo derecho, el patrimonio intelectual del g\u00e9nero humano\u201d, con lo cual recibe usted, se\u00f1or Papini, un penoso ment\u00eds. \u00bfQuedar\u00e1 duda alguna de tal conquista de la Am\u00e9rica Latina despu\u00e9s de conocer lo que opinaron del fen\u00f3meno musical de los dieciseisavos de tono a que nos referimos, Francia y Alemania, demostrando con palabras inequ\u00edvocas de ambos pa\u00edses \u2013los m\u00e1s avanzados del orbe en materia musical-<wbr \/>\u00a0que la conquista de Am\u00e9rica era algo desconocido en la gloriosa Europa? Tenemos pues votos de calidad insuperable \u2013los de Alemania y Francia-<wbr \/>\u00a0que reconocen a favor de M\u00e9xico, o sea a favor de Am\u00e9rica Latina, la conquista de un fen\u00f3meno musical absolutamente desconocido en el viejo mundo, lo que comprueba una vez m\u00e1s que Latino Am\u00e9rica s\u00ed ha producido en el pensamiento y en el arte un fen\u00f3meno que ha enriquecido ya por leg\u00edtimo derecho, el patrimonio intelectual del g\u00e9nero humano. Nos estamos refiriendo a Latino Am\u00e9rica, por que es la parte de nuestro continente a la que se ha referido Papini; pero la revoluci\u00f3n del Sonido 13 corresponde por igual a todos los pa\u00edses de Am\u00e9rica, inclusive Estados Unidos y Canad\u00e1.<\/span><\/p>\n<p class=\"Normal P-8\"><span class=\"C-8\">Adem\u00e1s de los juicios citados que son honros\u00edsimos para nuestro continente, debemos referirnos a otro de alt\u00edsima calidad, el de Suecia, que felicit\u00f3 a M\u00e9xico por conducto de la Academia Real de Bellas Artes de Estocolmo, \u201cpor tener en Juli\u00e1n Carrillo una personalidad tan eminente, con la doble capacidad de hombre cient\u00edfico y artista\u201d.<\/span><\/p>\n<p class=\"Normal P-8\"><span class=\"C-8\">Juicios como los citados ya, se emitieron en las principales naciones del mundo, tanto de Europa como de Am\u00e9rica y a\u00fan de Asia.<\/span><\/p>\n<p class=\"Normal P-8\"><span class=\"C-8\">La documentaci\u00f3n respectiva est\u00e1 en nuestro poder. Queda pues en el haber de la cultura de Latino Am\u00e9rica, por declaraciones de todo el mundo civilizado, incluyendo a Alemania, Francia y Suecia, la conquista de un fen\u00f3meno musical absolutamente desconocido no s\u00f3lo en Europa, sino en los dem\u00e1s continentes citados ya, lo que comprueba una vez m\u00e1s que Latino Am\u00e9rica SI HA PRODUCIDO EN EL PENSAMIENTO Y EN EL ARTE UN FEN\u00d3MENO QUE HA ENRIQUECIDO YA POR LEG\u00cdTIMO DERECHO EL PATRIMONIO INTELECTUAL DEL G\u00c9NERO HUMANO.<\/span><\/p>\n<p class=\"Normal P-8\"><span class=\"C-8\">Una vez que hemos dado a conocer los juicios de los pa\u00edses que reconocen a M\u00e9xico, y con M\u00e9xico a Latino Am\u00e9rica, la paternidad del nuevo elemento \u2013el dieciseisavo de tono-<wbr \/>\u00a0del cual est\u00e1 surgiendo la cultura musical del futuro, analizaremos si la parte latina del Nuevo Mundo ha tenido la fuerza mental suficiente para producir una nueva t\u00e9cnica musical sobre las bases de su conquista de 1895 \u2013los dieciseisavos de tono tantas veces citados-<wbr \/>\u00a0en cuyo l\u00edmite auditivo quedaron incluidos por razones fisiol\u00f3gicas, todos los intervalos mayores que estos, o sean los 15avos, los 14avos, los 13avos, etc.; y con profunda satisfacci\u00f3n continental declaramos que Latino Am\u00e9rica s\u00ed estuvo capacitada mentalmente para resolver el tremendo problema de la Nueva T\u00e9cnica Musical, supuesto que Juli\u00e1n Carrillo logr\u00f3 este resultado inaudito: \u00a1Producir una Nueva T\u00e9cnica Musical para escribir composiciones sin emplear los sonidos de que se sirviera el mundo antes y despu\u00e9s de la \u00e9poca cristiana, ni necesitar su sistema de escritura, ni sus escalas, ni sus acordes, con lo cual no fue necesaria ya la t\u00e9cnica musical elaborada por Europa, y que fue el fruto de muchos siglos de esfuerzos de esp\u00edritus superiores del viejo mundo!<\/span><\/p>\n<p class=\"Normal P-8\"><span class=\"C-8\">Esta declaraci\u00f3n nuestra significa que Latino Am\u00e9rica con la obra de Juli\u00e1n Carrillo SI HA PRODUCIDO EN EL PENSAMIENTO Y EN EL ARTE UN FEN\u00d3MENO QUE HA ENRIQUECIDO YA POR LEG\u00cdTIMO DERECHO EL PATRIMONIO INTELECTUAL DEL G\u00c9NERO HUMANO.<\/span><\/p>\n<p class=\"Normal P-8\"><span class=\"C-8\">Juli\u00e1n Carrillo ha escrito ya m\u00fasica sin tonos ni semitonos, sin necesitar el papel pautado, sin necesitar llaves, sin necesitar notas, y sin necesitar sostenidos, ni bemoles, ni becuadros, ni dobles sostenidos, ni bemoles dobles, ni sostenidos ni bemoles mixtos. Adem\u00e1s, Juli\u00e1n Carrillo ha sacado del misterio donde dorm\u00edan miles y millones de nuevos acordes y miles y millones de nuevos ritmos; y ha logrado algo absolutamente inesperado: descubrir la Aritm\u00e9tica Sonora, producto neto de Latino Am\u00e9rica, que ha dado la base para que cualquiera cantidad num\u00e9rica sea m\u00fasica, maravilla que puede desarrollarse tanto con los tonos y los semitonos, como con los tercios de tono y los cuartos, y los quintos, y los sextos, etc., y por lo mismo, Latino Am\u00e9rica, tiene derecho pleno de protestar cuando se le dice que no ha producido en el pensamiento o en el arte un fen\u00f3meno para enriquecer por leg\u00edtimo derecho el patrimonio intelectual del g\u00e9nero humano, supuesto que lo que est\u00e1 produciendo el Nuevo Mundo, est\u00e1 m\u00e1s all\u00e1, mucho m\u00e1s all\u00e1 de lo que han conocido y conocen los pa\u00edses m\u00e1s avanzados de la Tierra en materia musical, Europa inclusive.<\/span><\/p>\n<p class=\"Normal P-8\"><span class=\"C-8\">Por fortuna para usted, se\u00f1or Papini, los habitantes de Latino Am\u00e9rica se distinguen por una exquisita educaci\u00f3n secular; pues si no fuera as\u00ed le habr\u00edan dicho: Se\u00f1or Papini, est\u00e1 usted so\u00f1ando al emitir su petulante juicio en contra de Latino Am\u00e9rica, ya que la vigorosidad mental y la fertilidad espiritual corresponden a Am\u00e9rica, conglomerado de pa\u00edses j\u00f3venes y nuevos; pero si Am\u00e9rica dijera a usted tal cosa, caer\u00eda en el mismo criterio err\u00f3neo de usted y ser\u00eda petulante tambi\u00e9n.<\/span><\/p>\n<p class=\"Normal P-8\"><span class=\"C-8\">Lo dicho por nosotros, demuestra que M\u00e9xico, y con M\u00e9xico Latino Am\u00e9rica, s\u00ed ha producido en el campo de la m\u00fasica algo que est\u00e1 mucho m\u00e1s all\u00e1 de lo que Europa con todo su genio y con todas las inteligencias tan poderosas que ha tenido y tiene, lograra antes de la Revoluci\u00f3n Musical del Sonido 13, producto ciento por ciento de Latino Am\u00e9rica.<\/span><\/p>\n<p class=\"Normal P-8\"><span class=\"C-8\">Adem\u00e1s de la parte hist\u00f3rica y la t\u00e9cnica, debemos decir a Papini que se han dado ya pruebas pr\u00e1cticas de las conquistas musicales del Sonido 13; pues Juli\u00e1n Carrillo ha escrito composiciones basadas en el intervalo m\u00ednimo de 1\/16 de tono, y esas composiciones han recibido ya la sanci\u00f3n del p\u00fablico y la cr\u00edtica.<\/span><\/p>\n<p class=\"Normal P-8\"><span class=\"C-8\">Omitimos todos los juicios de la prensa de M\u00e9xico y a\u00fan los de toda Am\u00e9rica Latina, para evitar que se crea que fue el paisanaje o la simpat\u00eda racial lo que dict\u00f3 los juicios de las obras del Maestro Carrillo, y no la cr\u00edtica severa e imparcial, raz\u00f3n por la cual nos referimos \u00fanicamente a lo que se ha dicho de la Nueva M\u00fasica de Carrillo en Estados Unidos del Norte de Am\u00e9rica, o sea en la parte sajona del Nuevo Mundo.<\/span><\/p>\n<p class=\"Normal P-8\"><span class=\"C-8\">Los juicios son sorprendentes, se\u00f1or Papini; y citaremos a manera de pre\u00e1mbulo uno de la ciudad de Nueva York.<\/span><\/p>\n<p class=\"Normal P-8\"><span class=\"C-8\">Cuando los grandes cr\u00edticos de la ciudad maravillosa fueron a Europa a buscar novedades musicales, y al regresar declararon que nada nuevo hab\u00edan encontrado en el viejo mundo, entonces una revista neoyorquina \u201cMusical Advance\u201d les dijo, que era err\u00f3neo ir a buscar novedades musicales a Europa, supuesto que la novedad \u00fanica estaba en Nueva York con la nueva m\u00fasica de Juli\u00e1n Carrillo, basada en 16avos de tono. Tal juicio emitido en la ciudad de los rascacielos, es \u00edntegramente en honor de Latino Am\u00e9rica.<\/span><\/p>\n<p class=\"Normal P-8\"><span class=\"C-8\">Nos referimos en seguida a lo que opinaron los m\u00e1s eminentes cr\u00edticos de Nueva York cuando se toc\u00f3 en Town Hall una Sonata de Juli\u00e1n Carrillo a base de dieciseisavos de tono. Figur\u00f3 en el mismo programa un quinteto de Schoenberg, el eminent\u00edsimo compositor tan conocido como admirado, y la cr\u00edtica de la gran ciudad dijo: \u201cLa composici\u00f3n de Schoenberg hizo re\u00edr, y la de Juli\u00e1n Carrillo caus\u00f3 admiraci\u00f3n y entusiasmo\u201d.<\/span><\/p>\n<p class=\"Normal P-8\"><span class=\"C-8\">Usted debe saber, se\u00f1or Papini, que Schoenberg es la personalidad m\u00e1s prominente del mundo, en el arte de los doce sonidos; y ante la obra de esa eminencia no s\u00f3lo no apareci\u00f3 mediocre ni medianeja la composici\u00f3n Latino Americana, la de Juli\u00e1n Carrillo, sino que mientras la del gran compositor europeo caus\u00f3 risas, la de Carrillo, Latino Americano, caus\u00f3 por el contrario admiraci\u00f3n y entusiasmo.<\/span><\/p>\n<p class=\"Normal P-8\"><span class=\"C-8\">Poco despu\u00e9s, Leopoldo Stokowski, el eminente director tan conocido como admirado en todo el mundo, incluy\u00f3 en sus programas de Nueva York y Filadelfia la nueva m\u00fasica de dieciseisavos de tono escrita por Juli\u00e1n Carrillo, en cuya ocasi\u00f3n se escucharon en el mismo concierto composiciones de Anton Von Webern, conceptuado como de lo m\u00e1s avanzado en Europa, as\u00ed como de Debussy y Ricardo Wagner.<\/span><\/p>\n<p class=\"Normal P-8\"><span class=\"C-8\">Como segundo n\u00famero de aquel programa, figuraba el \u201cConcertino\u201d de Juli\u00e1n Carrillo, escrito en cuartos, octavos y dieciseisavos de tono, y la gran Orquesta Sinf\u00f3nica de Filadelfia acompa\u00f1\u00f3 en semitonos. Los juicios cr\u00edticos fueron escalofriantes para Europa; pues se declar\u00f3 un\u00e1nimemente en la prensa musical, que despu\u00e9s de o\u00edr el \u201cConcertino\u201d de Carrillo, Debussy parec\u00eda anticuado y que Ricardo Wagner hab\u00eda dejado la impresi\u00f3n de llevar al p\u00fablico a un mundo de colores primitivos.<\/span><\/p>\n<p class=\"Normal P-8\"><span class=\"C-8\">Tal fue el efecto que caus\u00f3 en las multitudes y la cr\u00edtica de las ciudades pr\u00f3ceres, Nueva York y Filadelfia, la Nueva M\u00fasica de Juli\u00e1n \u00a0Carrillo, producto leg\u00edtimo de Latino Am\u00e9rica.<\/span><\/p>\n<p class=\"Normal P-8\"><span class=\"C-8\">Hay algo m\u00e1s a\u00fan se\u00f1or Papini.<\/span><\/p>\n<p class=\"Normal P-8\"><span class=\"C-8\">El Jefe del Cuarteto de Arcos de Filadelfia, solicit\u00f3 de Juli\u00e1n Carrillo unos ejercicios para empezar a practicar los cuartos de tono en sus respectivos instrumentos: violines, viola y violonchelo. Carrillo accedi\u00f3 a la s\u00faplica y escribi\u00f3 dos estudios, verdaderos balbuceos en cuartos de tono para los violines y la viola, entretanto que el violonchelo tocar\u00eda cuartos y octavos de tono. Esos estudios no fueron escritos con el prop\u00f3sito de que se tocaran en p\u00fablico, sino como simples ejercicios; y con sorpresa absolutamente inesperada, un buen d\u00eda recibi\u00f3 Carrillo el programa de un concierto dado por aquel c\u00e9lebre Cuarteto de Filadelfia, en el que figuraban conjuntamente con tres cuartetos de Schubert, Beethoven y Ravel, los dos peque\u00f1os balbuceos escritos d\u00edas antes por Carrillo, en cuartos y octavos de tono (\u00e9stos para violonchelo). En el acto llam\u00f3 Carrillo por tel\u00e9fono al gran violinista jefe del cuarteto. Fue dicho caballero a Nueva York, y al decirle Carrillo que aquellos dos estudios escritos por \u00e9l y que ve\u00eda incluidos en el programa, no eran para tocarse en p\u00fablico, sino \u00fanicamente para pr\u00e1ctica privada, la contestaci\u00f3n fue extraordinaria; pues d\u00edjole el jefe del cuarteto que si hab\u00edan incluido \u00e9l y sus compa\u00f1eros los dos estudios de Carrillo para terminar el concierto despu\u00e9s de tocar los cuartetos de Schubert, Beethoven y Ravel, hab\u00edanlo hecho por que las dos miniaturas dejaban impresi\u00f3n mucho m\u00e1s profunda en el auditorio, que las obras de los tres eminentes m\u00fasicos citados antes.<\/span><\/p>\n<p class=\"Normal P-8\"><span class=\"C-8\">Con este dato aumenta la lista de \u00e9xitos de la Nueva M\u00fasica de Am\u00e9rica Latina, al ponerse en contacto con los gigantes de Europa, se\u00f1or Papini; y como usted ver\u00e1, t\u00e9cnicos especialistas en materia musical, no han declarado mediocre, como usted lo ha hecho, este producto de Latino Am\u00e9rica, ni cuando se escuch\u00f3 \u2013o por mejor decir-<wbr \/>\u00a0ni cuando se escucharon las obras de Juli\u00e1n Carrillo, en los mismos programas que las de Schoenberg, Wagner, Debussy, Schubert, Beethoven, Von Webern y Ravel.<\/span><\/p>\n<p class=\"Normal P-8\"><span class=\"C-8\">Es el momento de decir a usted, se\u00f1or Papini, que la gentileza de Latino Am\u00e9rica est\u00e1 muy alejada de la fraseolog\u00eda quiz\u00e1s un tanto presuntuosa de quienes llaman mediocre lo que produce Latino Am\u00e9rica; pues Juli\u00e1n Carrillo ha dicho de manera modesta y gentil, que con su m\u00fasica del Sonido 13, M\u00e9xico, su patria, pagar\u00e1 a la madre Europa su deuda de cultura, ofrend\u00e1ndole una nueva m\u00fasica; y ante esta actitud tan modesta de Latino Am\u00e9rica, resultan hasta grotescas las declaraciones de usted al juzgar a los artistas e intelectuales de esta parte del Nuevo Mundo.<\/span><\/p>\n<p class=\"Normal P-8\"><span class=\"C-8\">Continuemos. Dice Papini que lo mejor que ha producido Am\u00e9rica es s\u00f3lo mediano en Europa.<\/span><\/p>\n<p class=\"Normal P-8\"><span class=\"C-8\">Si esto fuera as\u00ed; \u00bfc\u00f3mo podr\u00eda explicar dicho se\u00f1or que obras musicales select\u00edsimas en Europa, de autores tan eminentes como Schoenberg, Wagner, Debussy, Schubert, Beethoven, Von Weber y Ravel, palidecieran al recibir el choque de composiciones musicales de Latino Am\u00e9rica cuando se tocaron en las grandes salas de conciertos de Estados Unidos?<\/span><\/p>\n<p class=\"Normal P-8\"><span class=\"C-8\">A pesar de las frases despectivas de Papini, la nobleza de Latino Am\u00e9rica no se altera, y pone a la disposici\u00f3n de todos los m\u00fasicos de Europa sus conquistas sin reserva alguna; y el \u201cGrupo 13 Metropolitano\u201d ofrece a Europa en el nombre de la cultura musical de Am\u00e9rica Latina, que los m\u00fasicos europeos que quieran saber c\u00f3mo se escriben composiciones musicales sin tonos ni semitonos, sin papel pautado, sin llaves, sin notas y sin accidentes, que vengan a M\u00e9xico, en donde Juli\u00e1n Carrillo les impartir\u00e1 todas las ense\u00f1anzas en la materia; y decimos con satisfacci\u00f3n que no s\u00f3lo Juli\u00e1n Carrillo impartir\u00e1 tan altas ense\u00f1anzas, sino tambi\u00e9n sus disc\u00edpulos. Esas ense\u00f1anzas, llegado el caso, se impartir\u00e1n con placer a cuantos m\u00fasicos europeos las solicitaren.<\/span><\/p>\n<p class=\"Normal P-8\"><span class=\"C-8\">Que los m\u00fasicos europeos que quieran saber c\u00f3mo se escriben composiciones con tercios de tono, con cuartos, quintos, sextos, etc., etc., vengan a Latino Am\u00e9rica donde se les ense\u00f1ar\u00e1 la t\u00e9cnica para el empleo de estos elementos sonoros.<\/span><\/p>\n<p class=\"Normal P-8\"><span class=\"C-8\">Que los m\u00fasicos europeos que deseen saber c\u00f3mo se logran miles y millones de escalas; miles y millones de acordes, miles y millones de ritmos, ventan a Latino Am\u00e9rica \u2013a M\u00e9xico-<wbr \/>\u00a0con la certeza de que Juli\u00e1n Carrillo les impartir\u00e1 gustoso las ense\u00f1anzas en todos esos problemas.<\/span><\/p>\n<p class=\"Normal P-8\"><span class=\"C-8\">Que los m\u00fasicos europeos que quieran conocer la Aritm\u00e9tica Sonora de que hemos hablado, que vengan a Latino Am\u00e9rica y conocer\u00e1n la maravilla de que toda cantidad num\u00e9rica sea m\u00fasica; pues en M\u00e9xico se les impartir\u00e1n las ense\u00f1anzas del caso.<\/span><\/p>\n<p class=\"Normal P-8\"><span class=\"C-8\">Que los m\u00fasicos europeos que quieran conocer los instrumentos con que se toca esa Nueva M\u00fasica de Juli\u00e1n Carrillo en las orquestas sinf\u00f3nicas, vengan a Latino Am\u00e9rica; pues Juli\u00e1n Carrillo en M\u00e9xico no s\u00f3lo se los mostrar\u00e1, sino que los pondr\u00e1 generosamente a su disposici\u00f3n.<\/span><\/p>\n<p class=\"Normal P-8\"><span class=\"C-8\">Una vez hechas estas declaraciones que podemos comprobar palabra por palabra, tenemos derecho de decir a Papini: \u00bfSer\u00eda usted capaz, se\u00f1or Papini, de repetir sus imprudentes juicios acerca de Latino Am\u00e9rica, despu\u00e9s de conocer nuestro escrito?<\/span><\/p>\n<p class=\"Normal P-8\"><span class=\"C-8\">Seguramente que no.<\/span><\/p>\n<p class=\"Normal P-8\"><span class=\"C-8\">Resumen: Nuestro \u201cGrupo 13 Metropolitano\u201d est\u00e1 a las \u00f3rdenes de Papini para cuantos datos pudiera necesitar, relacionados con este documento.<\/span><\/p>\n<p class=\"Normal P-8\"><span class=\"C-8\">Para terminar debemos decir a Papini, que se ha dicho ya en muchas partes que el Sonido 13, nombre gen\u00e9rico dado por Juli\u00e1n Carrillo a su Revoluci\u00f3n Musical, ES LO M\u00c1S GRANDE QUE HA PRODUCIDO AM\u00c9RICA.<\/span><\/p>\n<p class=\"Normal P-8\"><span class=\"C-8\">Citamos este juicio que no es nuestro, \u00fanicamente por respeto a quienes lo han emitido.<\/span><\/p>\n<p class=\"Normal P-8\"><span class=\"C-8\">Hay dos juicios que merecen todo nuestro respeto, y que han sido enunciados as\u00ed: \u201cLa Nueva M\u00fasica de Juli\u00e1n Carrillo es el \u00fanico medio para acercarse a la naturaleza\u201d. Leopoldo Stokowski.<\/span><\/p>\n<p class=\"Normal P-8\"><span class=\"C-8\">Citaremos por \u00faltimo otro juicio del mismo eminent\u00edsimo m\u00fasico, publicado en la prensa de Nueva York y que dice: \u201cCon los dieciseisavos de tono empieza Juli\u00e1n Carrillo una nueva era en la m\u00fasica, y yo deseo estar al servicio de la noble causa\u201d. Leopoldo Stokowski.<\/span><\/p>\n<p class=\"Normal P-8\"><span class=\"C-8\">Conclusi\u00f3n: Papini dice: \u201cAm\u00e9rica Latina no ha producido ninguna creaci\u00f3n del pensamiento o del arte, que vaya a enriquecer por leg\u00edtimo derecho el patrimonio intelectual del g\u00e9nero humano\u201d.<\/span><\/p>\n<p class=\"Normal P-8\"><span class=\"C-8\">El \u201cGrupo Metropolitano 13\u201d de la ciudad de M\u00e9xico D.F., M\u00e9xico, contesta a Papini con sus propias palabras, cambiando s\u00f3lo una: \u201cAM\u00c9RICA LATINA S\u00cd HA PRODUCIDO CREACIONES DEL PENSAMIENTO O DEL ARTE PARA ENRIQUECER POR LEG\u00cdTIMO DERECHO EL PATRIMONIO INTELECTUAL DEL G\u00c9NERO HUMANO\u201d.<\/span><\/p>\n<p class=\"Normal P-8\"><span class=\"C-8\">Estamos a las \u00f3rdenes de Papini en la ciudad de M\u00e9xico D.F., para todo lo que tenga a bien contestar a nuestra R\u00e9plica.<\/span><\/p>\n<p class=\"Normal P-6\"><span class=\"C-8\">Por el \u201cGrupo 13 Metropolitano\u201d<\/span><\/p>\n<p class=\"Normal P-6\"><span class=\"C-8\">\u00a0\u00a0\u00a0\u00a0\u00a0\u00a0\u00a0El Presidente. \u00a0\u00a0\u00a0\u00a0\u00a0\u00a0\u00a0\u00a0\u00a0\u00a0\u00a0\u00a0\u00a0\u00a0\u00a0\u00a0\u00a0\u00a0\u00a0\u00a0\u00a0\u00a0\u00a0\u00a0\u00a0\u00a0\u00a0\u00a0\u00a0\u00a0\u00a0\u00a0\u00a0\u00a0\u00a0\u00a0\u00a0\u00a0\u00a0\u00a0\u00a0\u00a0\u00a0\u00a0\u00a0\u00a0\u00a0\u00a0\u00a0\u00a0\u00a0\u00a0\u00a0\u00a0\u00a0\u00a0El Secretario del Exterior.<\/span><\/p>\n<p class=\"Normal P-6\"><span class=\"C-8\">Sr. Ignacio Longares. \u00a0\u00a0\u00a0\u00a0\u00a0\u00a0\u00a0\u00a0\u00a0\u00a0\u00a0\u00a0\u00a0\u00a0\u00a0\u00a0\u00a0\u00a0\u00a0\u00a0\u00a0\u00a0\u00a0\u00a0\u00a0\u00a0\u00a0\u00a0\u00a0\u00a0\u00a0\u00a0\u00a0\u00a0\u00a0\u00a0\u00a0\u00a0\u00a0\u00a0\u00a0\u00a0\u00a0\u00a0\u00a0\u00a0\u00a0\u00a0\u00a0Prof. Fidel V\u00e1zquez Mendoza.<\/span><\/p>\n","protected":false},"excerpt":{"rendered":"<p>A EUROPA \u00a1A t\u00ed, madre intelectual de Latino Am\u00e9rica, te saludamos con todo respeto, la admiraci\u00f3n y el cari\u00f1o que mereces! \u00a1Jam\u00e1s hubi\u00e9ramos cre\u00eddo que llegara a brotar de nuestra pluma una sola palabra que no fuera en honor tuyo; pero el escritor italiano Giovanni Papini, al formular un severo e injusto juicio en contra [&hellip;]<\/p>\n","protected":false},"author":1,"featured_media":0,"parent":0,"menu_order":80,"comment_status":"closed","ping_status":"closed","template":"","meta":{"ocean_post_layout":"","ocean_both_sidebars_style":"","ocean_both_sidebars_content_width":0,"ocean_both_sidebars_sidebars_width":0,"ocean_sidebar":"","ocean_second_sidebar":"","ocean_disable_margins":"enable","ocean_add_body_class":"","ocean_shortcode_before_top_bar":"","ocean_shortcode_after_top_bar":"","ocean_shortcode_before_header":"","ocean_shortcode_after_header":"","ocean_has_shortcode":"","ocean_shortcode_after_title":"","ocean_shortcode_before_footer_widgets":"","ocean_shortcode_after_footer_widgets":"","ocean_shortcode_before_footer_bottom":"","ocean_shortcode_after_footer_bottom":"","ocean_display_top_bar":"default","ocean_display_header":"default","ocean_header_style":"","ocean_center_header_left_menu":"","ocean_custom_header_template":"","ocean_custom_logo":0,"ocean_custom_retina_logo":0,"ocean_custom_logo_max_width":0,"ocean_custom_logo_tablet_max_width":0,"ocean_custom_logo_mobile_max_width":0,"ocean_custom_logo_max_height":0,"ocean_custom_logo_tablet_max_height":0,"ocean_custom_logo_mobile_max_height":0,"ocean_header_custom_menu":"","ocean_menu_typo_font_family":"","ocean_menu_typo_font_subset":"","ocean_menu_typo_font_size":0,"ocean_menu_typo_font_size_tablet":0,"ocean_menu_typo_font_size_mobile":0,"ocean_menu_typo_font_size_unit":"px","ocean_menu_typo_font_weight":"","ocean_menu_typo_font_weight_tablet":"","ocean_menu_typo_font_weight_mobile":"","ocean_menu_typo_transform":"","ocean_menu_typo_transform_tablet":"","ocean_menu_typo_transform_mobile":"","ocean_menu_typo_line_height":0,"ocean_menu_typo_line_height_tablet":0,"ocean_menu_typo_line_height_mobile":0,"ocean_menu_typo_line_height_unit":"","ocean_menu_typo_spacing":0,"ocean_menu_typo_spacing_tablet":0,"ocean_menu_typo_spacing_mobile":0,"ocean_menu_typo_spacing_unit":"","ocean_menu_link_color":"","ocean_menu_link_color_hover":"","ocean_menu_link_color_active":"","ocean_menu_link_background":"","ocean_menu_link_hover_background":"","ocean_menu_link_active_background":"","ocean_menu_social_links_bg":"","ocean_menu_social_hover_links_bg":"","ocean_menu_social_links_color":"","ocean_menu_social_hover_links_color":"","ocean_disable_title":"default","ocean_disable_heading":"default","ocean_post_title":"","ocean_post_subheading":"","ocean_post_title_style":"","ocean_post_title_background_color":"","ocean_post_title_background":0,"ocean_post_title_bg_image_position":"","ocean_post_title_bg_image_attachment":"","ocean_post_title_bg_image_repeat":"","ocean_post_title_bg_image_size":"","ocean_post_title_height":0,"ocean_post_title_bg_overlay":0.5,"ocean_post_title_bg_overlay_color":"","ocean_disable_breadcrumbs":"default","ocean_breadcrumbs_color":"","ocean_breadcrumbs_separator_color":"","ocean_breadcrumbs_links_color":"","ocean_breadcrumbs_links_hover_color":"","ocean_display_footer_widgets":"default","ocean_display_footer_bottom":"default","ocean_custom_footer_template":"","footnotes":""},"wf_page_folders":[8],"class_list":["post-243","page","type-page","status-publish","hentry","entry"],"_links":{"self":[{"href":"https:\/\/sonido13.com\/index.php\/wp-json\/wp\/v2\/pages\/243","targetHints":{"allow":["GET"]}}],"collection":[{"href":"https:\/\/sonido13.com\/index.php\/wp-json\/wp\/v2\/pages"}],"about":[{"href":"https:\/\/sonido13.com\/index.php\/wp-json\/wp\/v2\/types\/page"}],"author":[{"embeddable":true,"href":"https:\/\/sonido13.com\/index.php\/wp-json\/wp\/v2\/users\/1"}],"replies":[{"embeddable":true,"href":"https:\/\/sonido13.com\/index.php\/wp-json\/wp\/v2\/comments?post=243"}],"version-history":[{"count":1,"href":"https:\/\/sonido13.com\/index.php\/wp-json\/wp\/v2\/pages\/243\/revisions"}],"predecessor-version":[{"id":244,"href":"https:\/\/sonido13.com\/index.php\/wp-json\/wp\/v2\/pages\/243\/revisions\/244"}],"wp:attachment":[{"href":"https:\/\/sonido13.com\/index.php\/wp-json\/wp\/v2\/media?parent=243"}],"wp:term":[{"taxonomy":"wf_page_folders","embeddable":true,"href":"https:\/\/sonido13.com\/index.php\/wp-json\/wp\/v2\/wf_page_folders?post=243"}],"curies":[{"name":"wp","href":"https:\/\/api.w.org\/{rel}","templated":true}]}}