{"id":233,"date":"2018-05-22T13:16:24","date_gmt":"2018-05-22T13:16:24","guid":{"rendered":"http:\/\/sonido13.com\/?page_id=233"},"modified":"2020-05-10T18:56:25","modified_gmt":"2020-05-10T18:56:25","slug":"su-santidad-juan-xxiii","status":"publish","type":"page","link":"https:\/\/sonido13.com\/index.php\/su-santidad-juan-xxiii\/","title":{"rendered":"SU SANTIDAD JUAN XXIII"},"content":{"rendered":"<p class=\"Normal P-8\"><span class=\"C-8\">Me encontraba en Par\u00eds cuando, al trav\u00e9s de la radio, se anunci\u00f3 la elecci\u00f3n de un nuevo Pont\u00edfice y que \u00e9ste tomar\u00eda el nombre de Juan XXIII.<\/span><\/p>\n<p class=\"Normal P-8\"><span class=\"C-8\">Desde el comienzo de su reinado, en que se destac\u00f3 con perfiles extraordinarios, vi con asombro que sus ideales coincid\u00edan punto por punto con el lema de mi revoluci\u00f3n del Sonido 13, que publiqu\u00e9 desde el a\u00f1o de 1924 y que es: \u201cEnriquecer, Purificar y Simplificar la M\u00fasica\u201d.<\/span><\/p>\n<p class=\"Normal P-8\"><span class=\"C-8\">En el caso de su Santidad, el enriquecimiento se manifestaba por el deseo de atraer al catolicismo a todos los dem\u00e1s credos religiosos; la purificaci\u00f3n, al ir hasta las fuentes mismas de las ense\u00f1anzas de Cristo, con lo cual vendr\u00eda la simplificaci\u00f3n doctrinal.<\/span><\/p>\n<p class=\"Normal P-8\"><span class=\"C-8\">Fue por ello que me sent\u00ed movido a rendirle un homenaje a tan ilustre Pont\u00edfice y escrib\u00ed una\u00a0<span class=\"C-9\">Misa en cuartos de tono, \u00a0<\/span>que es la primera y \u00fanica que existe en su g\u00e9nero, y se la dediqu\u00e9.<\/span><\/p>\n<p class=\"Normal P-8\"><span class=\"C-8\">En la car\u00e1tula escrib\u00ed las siguientes palabras: \u201cMisa\u00a0<span class=\"C-9\">musicalmente \u00a0<\/span>nueva\u201d. \u201c\u00bfEstar\u00e9 en lo justo al denominar a esta composici\u00f3n Misa\u00a0<span class=\"C-9\">musicalmente \u00a0<\/span>nueva?\u201d. He aqu\u00ed las razones en que se apoya mi creencia; primera, que no emple\u00e9 en ella, en su parte mel\u00f3dica, ninguna de las dos escalas en uso: la mayor ni la menor; segunda, que arm\u00f3nicamente tampoco me serv\u00ed de los acordes cl\u00e1sicos, mayor, menor y disminuido; y consecuentemente, descart\u00e9 las cadencias perfectas y plagales. La base musical de esta<span class=\"C-9\">Misa \u00a0<\/span>es una de las trece mil trescientas escalas conquistadas por mi revoluci\u00f3n del Sonido 13, de donde resultan nuevas melod\u00edas, nuevas armon\u00edas y un nuevo mundo emocional. Agregu\u00e9 a esa escala los cuartos de tono, que son de una fuerza emotiva muy superior a los semitonos, lo que producir\u00e1 en la cristiandad una elevaci\u00f3n espiritual que nunca antes se produjo. Espero que esta\u00a0<span class=\"C-9\">Misa \u00a0<\/span>sea un eslab\u00f3n digno de la cadena de los grandes acontecimientos que en el campo de la m\u00fasica religiosa registra la historia. Estos acontecimientos los iniciaron dos Papas: San Ambrosio y San Gregorio, uno en el siglo IV y otro en el siglo VI, quienes efectuaron una gran revoluci\u00f3n musical al formular diferentes escalas con los siete sonidos que exist\u00edan desde seis siglos antes de Jesucristo. En el siglo XI, el monje Guido dio nombres a las notas musicales, y en el XVI Palestrina plasm\u00f3 en su<span class=\"C-9\">Misa del Papa Marcelo \u00a0<\/span>una magnificencia musical que todos admiramos.<\/span><\/p>\n<p class=\"Normal P-8\"><span class=\"C-8\">\u201cLos progresos enunciados han sido todos para elevar el esp\u00edritu de los creyentes hacia el\u00a0<span class=\"C-9\">autor \u00a0<\/span>de cuento existe. . . \u00a1Ojal\u00e1 y esta nueva\u00a0<span class=\"C-9\">Misa, \u00a0<\/span>que dedico al jefe de la Iglesia, su Santidad Juan XXIII, abra una nueva ruta para dar gracias a\u00a0<span class=\"C-9\">Dios, \u00a0<\/span>de quien recibimos el don maravilloso del o\u00eddo, por medio del cual nuestro ser se embelesa \u00a0con el misterio de los sonidos\u201d. M\u00e9xico, enero de 1962.<\/span><\/p>\n<p class=\"Normal P-8\"><span class=\"C-8\">He lamentado profundamente no haber tenido el honor ni la satisfacci\u00f3n de estrenarla en su presencia, como era mi deseo; pero su muerte no cambia en modo alguno mi homenaje al Papa por su maravillosa actuaci\u00f3n al promover el acercamiento de todo el g\u00e9nero humano.<\/span><\/p>\n<p class=\"Normal P-8\"><span class=\"C-8\">En mi juventud, en San Luis Potos\u00ed, estuve en contacto muy directo con la m\u00fasica religiosa y fue por ello que me di cuenta de que con frecuencia los cantores que act\u00faan en los templos no desempe\u00f1an su misi\u00f3n con el esp\u00edritu que los textos lit\u00fargicos requieren; y al dedicar esta\u00a0<span class=\"C-9\">Misa \u00a0<\/span>a su Santidad Juan XXIII, tuve el deseo de que fuera interpretada por un coro de monjes; prop\u00f3sito que espero lograr al grabarla en Europa, hacia donde saldr\u00e9 en este \u00a0mes de agosto. Mi representante en la ciudad Lux est\u00e1 ya en pl\u00e1ticas con el extraordinario coro de la Iglesia Rusa de Par\u00eds, que seg\u00fan me dice tiene voces admirables, especialmente en los bajos.<\/span><\/p>\n<p class=\"Normal P-8\"><span class=\"C-8\">No he resuelto, sin embargo, por que un alto personaje de la Iglesia cat\u00f3lica me ha sugerido un estupendo coro de benedictinos en Roma, lo que llena de modo absoluto mis deseos, y tambi\u00e9n me sugiere el coro del propio Vaticano.<\/span><\/p>\n<p class=\"Normal P-8\"><span class=\"C-8\">Cualquiera de estos tres conjuntos vocales servir\u00e1 a maravilla para mi prop\u00f3sito.<\/span><\/p>\n<p class=\"Normal P-8\"><span class=\"C-8\">La idea de que fueran religiosos los que la cantaran, naci\u00f3 en m\u00ed cuando escuch\u00e9, en una ceremonia de Primera Comuni\u00f3n, un coro de monjas que me subyug\u00f3 con el encanto de sus voces despose\u00eddas de pasi\u00f3n, y por la elevaci\u00f3n y espiritualidad que pon\u00edan en cada una de las palabras de los textos sagrados.<\/span><\/p>\n<p class=\"Normal P-8\"><span class=\"C-8\">Volviendo a las palabras que acompa\u00f1an a la dedicatoria de esta\u00a0<span class=\"C-9\">Misa en cuartos de tono, \u00a0<\/span>en relaci\u00f3n con los grandes acontecimientos musicales que se han desarrollado al trav\u00e9s de los m\u00fasicos de la Iglesia, creo oportuno decir cu\u00e1n lamentable es, bajo el punto de vista est\u00e9tico, que se haya cometido y se siga cometiendo el error de acompa\u00f1ar con acordes los cantos de la \u00e9poca gregoriana y ambrosiana, lo que es anacr\u00f3nico, ya que el primer acorde fue una conquista del siglo XIII y el Papa San Ambrosio existi\u00f3 en el siglo IV, o sea, nueve siglos antes, y San Gregorio siete.<\/span><\/p>\n<p class=\"Normal P-8\"><span class=\"C-8\">Adem\u00e1s, al armonizarse las melod\u00edas gregorianas y ambrosianas con acordes del siglo XIII, perdieron, emocionalmente, toda la riqueza que hay en ellos por la variedad que resulta de la distinta colocaci\u00f3n de los semitonos; y al entonarse sin ning\u00fan acorde tienen una enorme fuerza que cautiva.<\/span><\/p>\n<p class=\"Normal P-8\"><span class=\"C-8\">Otro error de los m\u00fasicos de la Iglesia fue el introducir el Si bemol en el primero de los modos ambrosianos, ya que dicho accidente fue producto del siglo XI y, adem\u00e1s, con ello s\u00f3lo se logr\u00f3 duplicar el segundo modo, que se forma sobre la nota La, y al cual se le coloc\u00f3, en el siglo XV, un sostenido al s\u00e9ptimo grado Sol, en cuyo momento naci\u00f3 el modo menor actual, y con \u00e9l el acorde aumentado.<\/span><\/p>\n<p class=\"Normal P-8\"><span class=\"C-8\">No me extender\u00e9 m\u00e1s en consideraciones t\u00e9cnicas; s\u00f3lo deseo que esta\u00a0<span class=\"C-9\">Misa \u00a0<\/span>escrita por m\u00ed \u2013que pienso grabar dentro de unas semanas en Europa-<wbr \/>\u00a0sea un digno eslab\u00f3n en \u00a0la que en el siglo XVI entreg\u00f3 Palestrina al Papa Marcelo y que todav\u00eda hoy nos causa admiraci\u00f3n, y que ella sea el homenaje que dedico reverentemente a la memoria de ese gran Pont\u00edfice, que en su cort\u00edsimo reinado supo captarse las simpat\u00edas no s\u00f3lo de los cat\u00f3licos, sino aun de los ateos y de los pertenecientes a otras religiones, como lo demostraron las manifestaciones de pena que se externaron cuando muri\u00f3, por su ideal maravilloso de unir a todos los hombres en el amor de Cristo; y adem\u00e1s sea mi voto de gratitud a su Santidad Juan XXIII por haber sido \u00e9l quien designara un primer cardenal mexicano. \u00a0<\/span><\/p>\n<p class=\"Normal P-8\"><span class=\"C-8\">Juli\u00e1n Carrillo (Enero 1962).<\/span><\/p>\n","protected":false},"excerpt":{"rendered":"<p>Me encontraba en Par\u00eds cuando, al trav\u00e9s de la radio, se anunci\u00f3 la elecci\u00f3n de un nuevo Pont\u00edfice y que \u00e9ste tomar\u00eda el nombre de Juan XXIII. Desde el comienzo de su reinado, en que se destac\u00f3 con perfiles extraordinarios, vi con asombro que sus ideales coincid\u00edan punto por punto con el lema de mi [&hellip;]<\/p>\n","protected":false},"author":1,"featured_media":0,"parent":0,"menu_order":75,"comment_status":"closed","ping_status":"closed","template":"","meta":{"ocean_post_layout":"","ocean_both_sidebars_style":"","ocean_both_sidebars_content_width":0,"ocean_both_sidebars_sidebars_width":0,"ocean_sidebar":"","ocean_second_sidebar":"","ocean_disable_margins":"enable","ocean_add_body_class":"","ocean_shortcode_before_top_bar":"","ocean_shortcode_after_top_bar":"","ocean_shortcode_before_header":"","ocean_shortcode_after_header":"","ocean_has_shortcode":"","ocean_shortcode_after_title":"","ocean_shortcode_before_footer_widgets":"","ocean_shortcode_after_footer_widgets":"","ocean_shortcode_before_footer_bottom":"","ocean_shortcode_after_footer_bottom":"","ocean_display_top_bar":"default","ocean_display_header":"default","ocean_header_style":"","ocean_center_header_left_menu":"","ocean_custom_header_template":"","ocean_custom_logo":0,"ocean_custom_retina_logo":0,"ocean_custom_logo_max_width":0,"ocean_custom_logo_tablet_max_width":0,"ocean_custom_logo_mobile_max_width":0,"ocean_custom_logo_max_height":0,"ocean_custom_logo_tablet_max_height":0,"ocean_custom_logo_mobile_max_height":0,"ocean_header_custom_menu":"","ocean_menu_typo_font_family":"","ocean_menu_typo_font_subset":"","ocean_menu_typo_font_size":0,"ocean_menu_typo_font_size_tablet":0,"ocean_menu_typo_font_size_mobile":0,"ocean_menu_typo_font_size_unit":"px","ocean_menu_typo_font_weight":"","ocean_menu_typo_font_weight_tablet":"","ocean_menu_typo_font_weight_mobile":"","ocean_menu_typo_transform":"","ocean_menu_typo_transform_tablet":"","ocean_menu_typo_transform_mobile":"","ocean_menu_typo_line_height":0,"ocean_menu_typo_line_height_tablet":0,"ocean_menu_typo_line_height_mobile":0,"ocean_menu_typo_line_height_unit":"","ocean_menu_typo_spacing":0,"ocean_menu_typo_spacing_tablet":0,"ocean_menu_typo_spacing_mobile":0,"ocean_menu_typo_spacing_unit":"","ocean_menu_link_color":"","ocean_menu_link_color_hover":"","ocean_menu_link_color_active":"","ocean_menu_link_background":"","ocean_menu_link_hover_background":"","ocean_menu_link_active_background":"","ocean_menu_social_links_bg":"","ocean_menu_social_hover_links_bg":"","ocean_menu_social_links_color":"","ocean_menu_social_hover_links_color":"","ocean_disable_title":"default","ocean_disable_heading":"default","ocean_post_title":"","ocean_post_subheading":"","ocean_post_title_style":"","ocean_post_title_background_color":"","ocean_post_title_background":0,"ocean_post_title_bg_image_position":"","ocean_post_title_bg_image_attachment":"","ocean_post_title_bg_image_repeat":"","ocean_post_title_bg_image_size":"","ocean_post_title_height":0,"ocean_post_title_bg_overlay":0.5,"ocean_post_title_bg_overlay_color":"","ocean_disable_breadcrumbs":"default","ocean_breadcrumbs_color":"","ocean_breadcrumbs_separator_color":"","ocean_breadcrumbs_links_color":"","ocean_breadcrumbs_links_hover_color":"","ocean_display_footer_widgets":"default","ocean_display_footer_bottom":"default","ocean_custom_footer_template":"","footnotes":""},"wf_page_folders":[8],"class_list":["post-233","page","type-page","status-publish","hentry","entry"],"_links":{"self":[{"href":"https:\/\/sonido13.com\/index.php\/wp-json\/wp\/v2\/pages\/233","targetHints":{"allow":["GET"]}}],"collection":[{"href":"https:\/\/sonido13.com\/index.php\/wp-json\/wp\/v2\/pages"}],"about":[{"href":"https:\/\/sonido13.com\/index.php\/wp-json\/wp\/v2\/types\/page"}],"author":[{"embeddable":true,"href":"https:\/\/sonido13.com\/index.php\/wp-json\/wp\/v2\/users\/1"}],"replies":[{"embeddable":true,"href":"https:\/\/sonido13.com\/index.php\/wp-json\/wp\/v2\/comments?post=233"}],"version-history":[{"count":1,"href":"https:\/\/sonido13.com\/index.php\/wp-json\/wp\/v2\/pages\/233\/revisions"}],"predecessor-version":[{"id":234,"href":"https:\/\/sonido13.com\/index.php\/wp-json\/wp\/v2\/pages\/233\/revisions\/234"}],"wp:attachment":[{"href":"https:\/\/sonido13.com\/index.php\/wp-json\/wp\/v2\/media?parent=233"}],"wp:term":[{"taxonomy":"wf_page_folders","embeddable":true,"href":"https:\/\/sonido13.com\/index.php\/wp-json\/wp\/v2\/wf_page_folders?post=233"}],"curies":[{"name":"wp","href":"https:\/\/api.w.org\/{rel}","templated":true}]}}