{"id":205,"date":"2018-05-22T11:27:34","date_gmt":"2018-05-22T11:27:34","guid":{"rendered":"http:\/\/sonido13.com\/?page_id=205"},"modified":"2020-05-10T19:03:33","modified_gmt":"2020-05-10T19:03:33","slug":"encuesta-universal-historica","status":"publish","type":"page","link":"https:\/\/sonido13.com\/index.php\/encuesta-universal-historica\/","title":{"rendered":"ENCUESTA UNIVERSAL HISTORICA"},"content":{"rendered":"<p class=\"Normal P-12\"><span class=\"C-11\">En 1924 viv\u00eda en M\u00e9xico don Luis Delgadillo, pianista centroamericano, quien encabez\u00f3 el ataque en mi contra.<\/span><\/p>\n<p class=\"Normal P-12\"><span class=\"C-11\">A iniciativa del se\u00f1or Delgadillo, se form\u00f3 un grupo impugnador de mis teor\u00edas, integrado por las siguientes personas: se\u00f1orita Alba Herrera y Ogaz\u00f3n y se\u00f1ores Jes\u00fas C. Romero, Ernesto Enr\u00edquez, Estanislao Mej\u00eda, Luis Delgadillo, Manuel Barajas, Ignacio Montiel y L\u00f3pez, Roberto Guti\u00e9rrez Arreola y Pascual H. Toral, actuando bajo el nombre de Grupo 9.<\/span><\/p>\n<p class=\"Normal P-12\"><span class=\"C-11\">Fue, sin embargo, una pol\u00e9mica agud\u00edsima y, a la vez, de gran trascendencia, pues como he dicho en otras ocasiones, unos por atacar y otros por defender la causa, todos los m\u00fasicos de M\u00e9xico se pusieron a estudiar. . . y sendos art\u00edculos publicados en las columnas de \u00ab\u00a0El Universal\u00a0\u00bb, que figurar\u00e1n al escribir la historia del Sonido 13, dan cuenta de la fuerza del ataque.<\/span><\/p>\n<p class=\"Normal P-12\"><span class=\"C-11\">A las meras discusiones t\u00e9cnicas se aunaron las \u00e1speras afirmaciones del Grupo 9 llam\u00e1ndome \u00ab\u00a0impostor\u00a0\u00bb, \u00ab\u00a0embaucador\u00a0\u00bb, \u00ab\u00a0suplantador\u00a0\u00bb y otros ep\u00edtetos semejantes; pero a ello se debi\u00f3 que los pa\u00edses m\u00e1s cultos en m\u00fasica dieran testimonio que a M\u00e9xico correspond\u00eda la inesperada conquista de ese nuevo mundo maravilloso de sonidos musicales, ya que la Secretar\u00eda de Relaciones Exteriores, a solicitud m\u00eda, pregunt\u00f3 por conductos diplom\u00e1ticos y sin que yo interviniera, si en alguno de ellos se conoc\u00eda lo que yo proclamaba como m\u00edo; y las contestaciones fueron absolutamente a favor de M\u00e9xico.<\/span><\/p>\n<p class=\"Normal P-12\"><span class=\"C-11\">He aqu\u00ed la parte resolutiva de las contestaciones que recibi\u00f3 el gobierno de M\u00e9xico, quien las comunic\u00f3 oficialmente a Juli\u00e1n Carrillo.<\/span><\/p>\n<p class=\"Normal P-12\"><span class=\"C-11\">1.-<wbr \/>\u00a0JAPON. En contestaci\u00f3n a la pregunta hecha por esa Legaci\u00f3n de M\u00e9xico sobre el Sonido n\u00famero 13, el Ministerio de Instrucci\u00f3n P\u00fablica tiene la honra de decir que hasta ahora el mundo musical japon\u00e9s no ha conocido nada a este respecto.<\/span><\/p>\n<p class=\"Normal P-12\"><span class=\"C-11\">2.-<wbr \/>\u00a0ESPA\u00d1A. En este Conservatorio no se conoce antecedente alguno relativo a la teor\u00eda del Sonido 13. Ruego a usted tenga la bondad de hacer llegar a don Juli\u00e1n Carrillo mi felicitaci\u00f3n m\u00e1s sincera por la realizaci\u00f3n de un hecho que, como su autor dice, est\u00e1 llamado a producir una revoluci\u00f3n musical de trascendencia extraordinaria.-<wbr \/>\u00a0Antonio Z. Bordas, Director del Conservatorio Real de Madrid, Espa\u00f1a.<\/span><\/p>\n<p class=\"Normal P-12\"><span class=\"C-11\">3.-<wbr \/>\u00a0ECUADOR. El d\u00eda en que abandonando prejuicios y venciendo la ancestral resistencia de ciertos esp\u00edritus timoratos, todos los m\u00fasicos de Am\u00e9rica se adhieran, cultiven y entren resueltamente en los inexplorables senderos art\u00edsticos que se presienten en la ideolog\u00eda est\u00e9tica de la teor\u00eda del Sonido 13, ese d\u00eda, decimos, ser\u00e1 el triunfo de Am\u00e9rica en los dominios de la belleza universal.<\/span><\/p>\n<p class=\"Normal P-12\"><span class=\"C-11\">A nombre de los m\u00fasicos ecuatorianos, Juan Pablos Mu\u00f1oz y Emilio Gaextegui. Mensaje de admiraci\u00f3n y aplauso que los m\u00fasicos ecuatorianos nos honramos en eviar al maestro Juli\u00e1n Carrillo por conducto del E. se\u00f1or Ministro de M\u00e9xico en Quito.<\/span><\/p>\n<p class=\"Normal P-12\"><span class=\"C-11\">4.-<wbr \/>\u00a0PARAGUAY.-<wbr \/>\u00a0Hago votos por que la teor\u00eda del Sonido 13 se propague en el mundo entero para gloria de M\u00e9xico y su autor.<\/span><\/p>\n<p class=\"Normal P-12\"><span class=\"C-11\">Fernando Centuri\u00f3n, Director del Conservatorio.<\/span><\/p>\n<p class=\"Normal P-12\"><span class=\"C-11\">5.-<wbr \/>\u00a0BRASIL.-<wbr \/>\u00a0En respuesta a la comunicaci\u00f3n que Vuestra Excelencia se dign\u00f3 enviarme acompa\u00f1ando la exposici\u00f3n de la teor\u00eda musical del se\u00f1or Juli\u00e1n Carrillo y de los trabajos que en esta orientaci\u00f3n se tienen ya hechos, comunico a V. E. que respondo negativamente a todas las preguntas que se hayan expuestas en el final de dicha exposici\u00f3n, por no constarme en lo absoluto que en este sentido se haya hecho algo semejante.-<wbr \/>\u00a0Arthur Napoleao.<\/span><\/p>\n<p class=\"Normal P-12\"><span class=\"C-11\">6.-<wbr \/>\u00a0CHILE.-<wbr \/>\u00a0Considero que la invenci\u00f3n del Sonido 13 es realmente revolucionaria y llamada a formar una nueva \u00e9poca musical, por cuanto que el sistema conocido hasta hoy agot\u00f3 todas las ideas que el ser humano pod\u00eda concebir, y que en su af\u00e1n de crear novedades, fue llevado imperiosamente al politonismo, que hace vibrar en los o\u00eddos evolucionados la subdivisi\u00f3n tonal, que, seg\u00fan la aseveraci\u00f3n del se\u00f1or Carrillo, ya es un hecho real y pr\u00e1ctico.<\/span><\/p>\n<p class=\"Normal P-12\"><span class=\"C-11\">Ruego a usted, se\u00f1or Encargado de Negocios, se sirva hacer llegar mis sinceras y entusiastas felicitaciones al maestro Juli\u00e1n Carrillo, autor de tan trascendental descubrimiento musical, que mediante \u00e9l, la inspiraci\u00f3n de los compositores modernos tendr\u00e1 abierto un horizonte a la par de sus ideales solamente so\u00f1ados.-<wbr \/>\u00a0P. Bisquertt.<\/span><\/p>\n<p class=\"Normal P-12\"><span class=\"C-11\">7.-<wbr \/>\u00a0FRANCIA.-<wbr \/>\u00a0En respuesta a la carta de V. E. sobre el descubrimiento del se\u00f1or Juli\u00e1n Carrillo, debo decirle que hasta hoy, 31 de octubre de 1925, nunca he o\u00eddo hablar de cosa semejante.-<wbr \/>\u00a0Vicent D&rsquo;Yndi.<\/span><\/p>\n<p class=\"Normal P-12\"><span class=\"C-11\">8.-<wbr \/>\u00a0ALEMANIA.-<wbr \/>\u00a0Con relaci\u00f3n a las preguntas acerca del sistema tonal del se\u00f1or Juli\u00e1n Carrillo, tenemos la honra de dar el siguiente informe: una divisi\u00f3n del tono en diecis\u00e9is partes, que es el fundamento de la teor\u00eda musical de Juli\u00e1n Carrillo, no se ha hecho antes de \u00e9l ni simult\u00e1neamente.-<wbr \/>\u00a0Berl\u00edn, julio de 1925.<\/span><\/p>\n<p class=\"Normal P-12\"><span class=\"C-11\">9.-<wbr \/>\u00a0SUECIA.-<wbr \/>\u00a0Hay que felicitar a M\u00e9xico por tener en Juli\u00e1n Carrillo una personalidad de cultura tan eminente con la capacidad doble del hombre cient\u00edfico y artista.-<wbr \/>\u00a0El Secretario Perpetuo de la Academia Real de Bellas Artes, Stokolmo.<\/span><\/p>\n<p class=\"Normal P-12\"><span class=\"C-11\">Agradec\u00ed y agradezco profundamente al Grupo 9 el servicio que me hizo al despertar con sus ataques a la opini\u00f3n p\u00fablica acerca de mi obra, pues la verdad es que yo nunca cre\u00ed, antes de la pol\u00e9mica, que fuera a serme dado el privilegio de llevar a la pr\u00e1ctica universal de la m\u00fasica los dieciseisavos de tono, conquistados por m\u00ed en mi experimento del a\u00f1o de 1895.<\/span><\/p>\n<p class=\"Normal P-12\"><span class=\"C-11\">Juli\u00e1n Carrillo (Julio 1964)<\/span><\/p>\n","protected":false},"excerpt":{"rendered":"<p>En 1924 viv\u00eda en M\u00e9xico don Luis Delgadillo, pianista centroamericano, quien encabez\u00f3 el ataque en mi contra. A iniciativa del se\u00f1or Delgadillo, se form\u00f3 un grupo impugnador de mis teor\u00edas, integrado por las siguientes personas: se\u00f1orita Alba Herrera y Ogaz\u00f3n y se\u00f1ores Jes\u00fas C. Romero, Ernesto Enr\u00edquez, Estanislao Mej\u00eda, Luis Delgadillo, Manuel Barajas, Ignacio Montiel [&hellip;]<\/p>\n","protected":false},"author":1,"featured_media":0,"parent":0,"menu_order":44,"comment_status":"closed","ping_status":"closed","template":"","meta":{"ocean_post_layout":"","ocean_both_sidebars_style":"","ocean_both_sidebars_content_width":0,"ocean_both_sidebars_sidebars_width":0,"ocean_sidebar":"","ocean_second_sidebar":"","ocean_disable_margins":"enable","ocean_add_body_class":"","ocean_shortcode_before_top_bar":"","ocean_shortcode_after_top_bar":"","ocean_shortcode_before_header":"","ocean_shortcode_after_header":"","ocean_has_shortcode":"","ocean_shortcode_after_title":"","ocean_shortcode_before_footer_widgets":"","ocean_shortcode_after_footer_widgets":"","ocean_shortcode_before_footer_bottom":"","ocean_shortcode_after_footer_bottom":"","ocean_display_top_bar":"default","ocean_display_header":"default","ocean_header_style":"","ocean_center_header_left_menu":"","ocean_custom_header_template":"","ocean_custom_logo":0,"ocean_custom_retina_logo":0,"ocean_custom_logo_max_width":0,"ocean_custom_logo_tablet_max_width":0,"ocean_custom_logo_mobile_max_width":0,"ocean_custom_logo_max_height":0,"ocean_custom_logo_tablet_max_height":0,"ocean_custom_logo_mobile_max_height":0,"ocean_header_custom_menu":"","ocean_menu_typo_font_family":"","ocean_menu_typo_font_subset":"","ocean_menu_typo_font_size":0,"ocean_menu_typo_font_size_tablet":0,"ocean_menu_typo_font_size_mobile":0,"ocean_menu_typo_font_size_unit":"px","ocean_menu_typo_font_weight":"","ocean_menu_typo_font_weight_tablet":"","ocean_menu_typo_font_weight_mobile":"","ocean_menu_typo_transform":"","ocean_menu_typo_transform_tablet":"","ocean_menu_typo_transform_mobile":"","ocean_menu_typo_line_height":0,"ocean_menu_typo_line_height_tablet":0,"ocean_menu_typo_line_height_mobile":0,"ocean_menu_typo_line_height_unit":"","ocean_menu_typo_spacing":0,"ocean_menu_typo_spacing_tablet":0,"ocean_menu_typo_spacing_mobile":0,"ocean_menu_typo_spacing_unit":"","ocean_menu_link_color":"","ocean_menu_link_color_hover":"","ocean_menu_link_color_active":"","ocean_menu_link_background":"","ocean_menu_link_hover_background":"","ocean_menu_link_active_background":"","ocean_menu_social_links_bg":"","ocean_menu_social_hover_links_bg":"","ocean_menu_social_links_color":"","ocean_menu_social_hover_links_color":"","ocean_disable_title":"default","ocean_disable_heading":"default","ocean_post_title":"","ocean_post_subheading":"","ocean_post_title_style":"","ocean_post_title_background_color":"","ocean_post_title_background":0,"ocean_post_title_bg_image_position":"","ocean_post_title_bg_image_attachment":"","ocean_post_title_bg_image_repeat":"","ocean_post_title_bg_image_size":"","ocean_post_title_height":0,"ocean_post_title_bg_overlay":0.5,"ocean_post_title_bg_overlay_color":"","ocean_disable_breadcrumbs":"default","ocean_breadcrumbs_color":"","ocean_breadcrumbs_separator_color":"","ocean_breadcrumbs_links_color":"","ocean_breadcrumbs_links_hover_color":"","ocean_display_footer_widgets":"default","ocean_display_footer_bottom":"default","ocean_custom_footer_template":"","footnotes":""},"wf_page_folders":[8],"class_list":["post-205","page","type-page","status-publish","hentry","entry"],"_links":{"self":[{"href":"https:\/\/sonido13.com\/index.php\/wp-json\/wp\/v2\/pages\/205","targetHints":{"allow":["GET"]}}],"collection":[{"href":"https:\/\/sonido13.com\/index.php\/wp-json\/wp\/v2\/pages"}],"about":[{"href":"https:\/\/sonido13.com\/index.php\/wp-json\/wp\/v2\/types\/page"}],"author":[{"embeddable":true,"href":"https:\/\/sonido13.com\/index.php\/wp-json\/wp\/v2\/users\/1"}],"replies":[{"embeddable":true,"href":"https:\/\/sonido13.com\/index.php\/wp-json\/wp\/v2\/comments?post=205"}],"version-history":[{"count":1,"href":"https:\/\/sonido13.com\/index.php\/wp-json\/wp\/v2\/pages\/205\/revisions"}],"predecessor-version":[{"id":206,"href":"https:\/\/sonido13.com\/index.php\/wp-json\/wp\/v2\/pages\/205\/revisions\/206"}],"wp:attachment":[{"href":"https:\/\/sonido13.com\/index.php\/wp-json\/wp\/v2\/media?parent=205"}],"wp:term":[{"taxonomy":"wf_page_folders","embeddable":true,"href":"https:\/\/sonido13.com\/index.php\/wp-json\/wp\/v2\/wf_page_folders?post=205"}],"curies":[{"name":"wp","href":"https:\/\/api.w.org\/{rel}","templated":true}]}}